{"id":14270,"date":"2024-06-10T15:12:11","date_gmt":"2024-06-10T18:12:11","guid":{"rendered":"https:\/\/sindhesul.org.br\/?page_id=14270"},"modified":"2026-04-22T14:12:29","modified_gmt":"2026-04-22T17:12:29","slug":"proximos-cursos","status":"publish","type":"page","link":"https:\/\/sindhesul.org.br\/index.php\/proximos-cursos\/","title":{"rendered":"Pr\u00f3ximos Cursos"},"content":{"rendered":"\t\t<div data-elementor-type=\"wp-page\" data-elementor-id=\"14270\" class=\"elementor elementor-14270\" data-elementor-post-type=\"page\">\n\t\t\t\t<div class=\"elementor-element elementor-element-d568eb3 e-flex e-con-boxed e-con e-parent\" data-id=\"d568eb3\" data-element_type=\"container\" data-settings=\"{&quot;content_width&quot;:&quot;boxed&quot;}\" data-core-v316-plus=\"true\">\n\t\t\t\t\t<div class=\"e-con-inner\">\n\t\t<div class=\"elementor-element elementor-element-d269d6c e-con-full e-flex e-con e-child\" data-id=\"d269d6c\" data-element_type=\"container\" data-settings=\"{&quot;content_width&quot;:&quot;full&quot;}\">\n\t\t\t\t<div class=\"elementor-element elementor-element-d2b11da elementor-widget elementor-widget-image\" data-id=\"d2b11da\" data-element_type=\"widget\" data-widget_type=\"image.default\">\n\t\t\t\t<div class=\"elementor-widget-container\">\n\t\t\t<style>\/*! elementor - v3.19.0 - 29-01-2024 *\/\n.elementor-widget-image{text-align:center}.elementor-widget-image a{display:inline-block}.elementor-widget-image a img[src$=\".svg\"]{width:48px}.elementor-widget-image img{vertical-align:middle;display:inline-block}<\/style>\t\t\t\t\t\t\t\t\t\t<img fetchpriority=\"high\" decoding=\"async\" width=\"330\" height=\"500\" src=\"https:\/\/sindhesul.org.br\/wp-content\/uploads\/2026\/04\/febase-img6-6.png\" class=\"attachment-full size-full wp-image-14795\" alt=\"\" srcset=\"https:\/\/sindhesul.org.br\/wp-content\/uploads\/2026\/04\/febase-img6-6.png 330w, https:\/\/sindhesul.org.br\/wp-content\/uploads\/2026\/04\/febase-img6-6-198x300.png 198w\" sizes=\"(max-width: 330px) 100vw, 330px\" \/>\t\t\t\t\t\t\t\t\t\t\t\t\t<\/div>\n\t\t\t\t<\/div>\n\t\t\t\t<\/div>\n\t\t<div class=\"elementor-element elementor-element-f9d059f e-con-full e-flex e-con e-child\" data-id=\"f9d059f\" data-element_type=\"container\" data-settings=\"{&quot;content_width&quot;:&quot;full&quot;}\">\n\t\t\t\t<div class=\"elementor-element elementor-element-ba88b2c elementor-widget elementor-widget-heading\" data-id=\"ba88b2c\" data-element_type=\"widget\" data-widget_type=\"heading.default\">\n\t\t\t\t<div class=\"elementor-widget-container\">\n\t\t\t<style>\/*! elementor - v3.19.0 - 29-01-2024 *\/\n.elementor-heading-title{padding:0;margin:0;line-height:1}.elementor-widget-heading .elementor-heading-title[class*=elementor-size-]>a{color:inherit;font-size:inherit;line-height:inherit}.elementor-widget-heading .elementor-heading-title.elementor-size-small{font-size:15px}.elementor-widget-heading .elementor-heading-title.elementor-size-medium{font-size:19px}.elementor-widget-heading .elementor-heading-title.elementor-size-large{font-size:29px}.elementor-widget-heading .elementor-heading-title.elementor-size-xl{font-size:39px}.elementor-widget-heading .elementor-heading-title.elementor-size-xxl{font-size:59px}<\/style><h2 class=\"elementor-heading-title elementor-size-default\">Estrat\u00e9gias Avan\u00e7adas em Sa\u00fade Suplementar: Do Desenho de Pacotes \u00e0 Excel\u00eancia na Negocia\u00e7\u00e3o de Contratos\n<\/h2>\t\t<\/div>\n\t\t\t\t<\/div>\n\t\t\t\t<div class=\"elementor-element elementor-element-2d76791 elementor-widget elementor-widget-text-editor\" data-id=\"2d76791\" data-element_type=\"widget\" data-widget_type=\"text-editor.default\">\n\t\t\t\t<div class=\"elementor-widget-container\">\n\t\t\t<style>\/*! elementor - v3.19.0 - 29-01-2024 *\/\n.elementor-widget-text-editor.elementor-drop-cap-view-stacked .elementor-drop-cap{background-color:#69727d;color:#fff}.elementor-widget-text-editor.elementor-drop-cap-view-framed .elementor-drop-cap{color:#69727d;border:3px solid;background-color:transparent}.elementor-widget-text-editor:not(.elementor-drop-cap-view-default) .elementor-drop-cap{margin-top:8px}.elementor-widget-text-editor:not(.elementor-drop-cap-view-default) .elementor-drop-cap-letter{width:1em;height:1em}.elementor-widget-text-editor .elementor-drop-cap{float:left;text-align:center;line-height:1;font-size:50px}.elementor-widget-text-editor .elementor-drop-cap-letter{display:inline-block}<\/style>\t\t\t\t<div class=\"wpb_text_column wpb_content_element\"><div class=\"wpb_wrapper\"><div class=\"wpb_text_column wpb_content_element \"><div class=\"wpb_wrapper\"><p><strong>Objetivo:<br \/><\/strong><\/p><p class=\"elementor-heading-title elementor-size-default\">Capacitar profissionais da sa\u00fade suplementar a estruturar pacotes assistenciais e contratos de forma t\u00e9cnica, segura e estrat\u00e9gica, reduzindo glosas, aumentando a clareza contratual e alinhando os setores comercial, faturamento e auditoria.<\/p><p class=\"elementor-heading-title elementor-size-default\"><strong>P\u00fablico Alvo:<br \/><\/strong><\/p><div class=\"elementor-element elementor-element-2cd90fdd elementor-widget elementor-widget-heading\" data-id=\"2cd90fdd\" data-element_type=\"widget\" data-widget_type=\"heading.default\"><div class=\"elementor-widget-container\"><p class=\"elementor-heading-title elementor-size-default\">Gestores Comerciais e de Credenciamento; Enfermeiros Auditores e Gestores de Contas M\u00e9dicas; Profissionais de Faturamento e Recurso de Glosas; Administradores Hospitalares e de Operadoras de Sa\u00fade; Consultores e Advogados atuantes na \u00e1rea da sa\u00fade.<\/p><\/div><\/div><\/div><\/div><div class=\"wpb_text_column wpb_content_element \"><div class=\"wpb_wrapper\"><p><strong>Link para inscri\u00e7\u00e3o:\u00a0<a href=\"https:\/\/saudesuplementar.planosconsultoria.com\/\">Clique aqui<\/a><br \/>Data do Curso:<\/strong>\u00a012 e 14 de maio<br \/><strong>Hor\u00e1rios:\u00a0<\/strong>09h \u00e0s 12h<br \/><strong>Carga hor\u00e1ria:<\/strong>\u00a006 horas<\/p><p><strong>Instrutora:<br \/><\/strong><strong>Silvia Vallera<br \/><\/strong>Com 30 anos de atua\u00e7\u00e3o na linha de frente da Sa\u00fade Suplementar, Silvia traz a vis\u00e3o completa do setor (Hospital e Operadora). Expertise: Especialista em Auditoria (ABEA) com MBA em Gest\u00e3o de Planos de Sa\u00fade. Influ\u00eancia: Fundadora e Membro da ABEA-SP, com participa\u00e7\u00e3o direta nos Grupos T\u00e9cnicos da ANS para a Lei 13.003 e Modelos de Remunera\u00e7\u00e3o. Atua\u00e7\u00e3o: Atualmente Gestora Comercial em um Hospital de grande porte em SP, unindo o rigor acad\u00eamico \u00e0 pr\u00e1tica di\u00e1ria das negocia\u00e7\u00f5es de alta complexidade.<\/p><\/div><\/div><\/div><\/div>\t\t\t\t\t\t<\/div>\n\t\t\t\t<\/div>\n\t\t\t\t<\/div>\n\t\t\t\t\t<\/div>\n\t\t\t\t<\/div>\n\t\t<div class=\"elementor-element elementor-element-db8625b e-flex e-con-boxed e-con e-parent\" data-id=\"db8625b\" data-element_type=\"container\" data-settings=\"{&quot;content_width&quot;:&quot;boxed&quot;}\" data-core-v316-plus=\"true\">\n\t\t\t\t\t<div class=\"e-con-inner\">\n\t\t<div class=\"elementor-element elementor-element-1cd1ddf e-con-full e-flex e-con e-child\" data-id=\"1cd1ddf\" data-element_type=\"container\" data-settings=\"{&quot;content_width&quot;:&quot;full&quot;}\">\n\t\t\t\t<div class=\"elementor-element elementor-element-5f56833 elementor-widget elementor-widget-image\" data-id=\"5f56833\" data-element_type=\"widget\" data-widget_type=\"image.default\">\n\t\t\t\t<div class=\"elementor-widget-container\">\n\t\t\t\t\t\t\t\t\t\t\t\t\t<img decoding=\"async\" width=\"330\" height=\"500\" src=\"https:\/\/sindhesul.org.br\/wp-content\/uploads\/2026\/01\/febase-img6-3.png\" class=\"attachment-full size-full wp-image-14743\" alt=\"\" srcset=\"https:\/\/sindhesul.org.br\/wp-content\/uploads\/2026\/01\/febase-img6-3.png 330w, https:\/\/sindhesul.org.br\/wp-content\/uploads\/2026\/01\/febase-img6-3-198x300.png 198w\" sizes=\"(max-width: 330px) 100vw, 330px\" \/>\t\t\t\t\t\t\t\t\t\t\t\t\t<\/div>\n\t\t\t\t<\/div>\n\t\t\t\t<\/div>\n\t\t<div class=\"elementor-element elementor-element-a18517c e-con-full e-flex e-con e-child\" data-id=\"a18517c\" data-element_type=\"container\" data-settings=\"{&quot;content_width&quot;:&quot;full&quot;}\">\n\t\t\t\t<div class=\"elementor-element elementor-element-efe3142 elementor-widget elementor-widget-heading\" data-id=\"efe3142\" data-element_type=\"widget\" data-widget_type=\"heading.default\">\n\t\t\t\t<div class=\"elementor-widget-container\">\n\t\t\t<h2 class=\"elementor-heading-title elementor-size-default\">O Futuro da Gest\u00e3o da Qualidade Chegou: Domine a Acredita\u00e7\u00e3o com o Poder da Intelig\u00eancia Artificial<\/h2>\t\t<\/div>\n\t\t\t\t<\/div>\n\t\t\t\t<div class=\"elementor-element elementor-element-0e7daa8 elementor-widget elementor-widget-text-editor\" data-id=\"0e7daa8\" data-element_type=\"widget\" data-widget_type=\"text-editor.default\">\n\t\t\t\t<div class=\"elementor-widget-container\">\n\t\t\t\t\t\t\t<div class=\"wpb_text_column wpb_content_element\"><div class=\"wpb_wrapper\"><div class=\"wpb_text_column wpb_content_element\"><div class=\"wpb_wrapper\"><div class=\"wpb_text_column wpb_content_element\"><div class=\"wpb_wrapper\"><div class=\"wpb_text_column wpb_content_element\"><div class=\"wpb_wrapper\"><div class=\"wpb_text_column wpb_content_element\"><div class=\"wpb_wrapper\"><div class=\"wpb_text_column wpb_content_element\"><div class=\"wpb_wrapper\"><div class=\"wpb_text_column wpb_content_element\"><div class=\"wpb_wrapper\"><div class=\"wpb_text_column wpb_content_element\"><div class=\"wpb_wrapper\"><div class=\"wpb_text_column wpb_content_element\"><div class=\"wpb_wrapper\"><div class=\"wpb_text_column wpb_content_element\"><div class=\"wpb_wrapper\"><div class=\"wpb_text_column wpb_content_element\"><div class=\"wpb_wrapper\"><div class=\"wpb_text_column wpb_content_element\"><div class=\"wpb_wrapper\"><div class=\"wpb_text_column wpb_content_element\"><div class=\"wpb_wrapper\"><div class=\"wpb_text_column wpb_content_element\"><div class=\"wpb_wrapper\"><div class=\"wpb_text_column wpb_content_element\"><div class=\"wpb_wrapper\"><div class=\"wpb_text_column wpb_content_element \"><div class=\"wpb_wrapper\"><p><strong>Objetivo:<br \/><\/strong>Capacitar gestores e profissionais a transformar o sistema de gest\u00e3o da qualidade em uma ferramenta pr\u00e1tica, estrat\u00e9gica e orientada a resultados.<strong><br \/><\/strong><\/p><p class=\"elementor-heading-title elementor-size-default\"><strong>P\u00fablico Alvo:<br \/><\/strong>Gestores e Coordenadores da Qualidade; Consultores Organizacionais; Analistas de Processos e Compliance; Auditores Internos<\/p><div class=\"elementor-element elementor-element-2cd90fdd elementor-widget elementor-widget-heading\" data-id=\"2cd90fdd\" data-element_type=\"widget\" data-widget_type=\"heading.default\"><div class=\"elementor-widget-container\"><h3 class=\"elementor-heading-title elementor-size-default elementor-inline-editing pen\" contenteditable=\"true\" data-elementor-setting-key=\"title\" data-pen-placeholder=\"Type Here...\">\u00a0<\/h3><\/div><\/div><\/div><\/div><div class=\"wpb_text_column wpb_content_element \"><div class=\"wpb_wrapper\"><p><strong>Link para inscri\u00e7\u00e3o:\u00a0<a href=\"https:\/\/planejamentoestrategico.planosconsultoria.com\/\">Clique aqui<\/a><br \/>Data do Curso:<\/strong>\u00a017 e 18 de agosto<br \/><strong>Hor\u00e1rios:\u00a0<\/strong>08h \u00e0s 12h<br \/><strong>Carga hor\u00e1ria:<\/strong>\u00a008 horas<\/p><p><strong>Instrutor:<br \/>Danillo Sancho<br \/><\/strong>Possui gradua\u00e7\u00e3o em Administra\u00e7\u00e3o de Empresas pela Universidade do Estado da Bahia (2005) e mestrado em Modelagem em Ci\u00eancias da Terra e do Ambiente pela Universidade Estadual de Feira de Santana (2014). Atualmente \u00e9 doutorando em Administra\u00e7\u00e3o da Universidade Federal da Bahia (UFBA) e \u00e9 consultor empresarial na S2S Solu\u00e7\u00f5es Empresariais Ltda e professor e pesquisador do Centro Universit\u00e1rio UNIFTC de Feira de Santana. Tem experi\u00eancia na \u00e1rea de gest\u00e3o, com \u00eanfase em Sistemas de Gest\u00e3o Empresarial, atuando principalmente nos seguintes temas: implanta\u00e7\u00e3o de sistemas de gest\u00e3o baseados na ISO 9001:2015, Marketing, Plano de Neg\u00f3cio, Gest\u00e3o de Projetos e empreendedorismo e auditor l\u00edder na norma NBR ISO 9001:2015 e revisor de normas na ABNT.<\/p><\/div><\/div><\/div><\/div><\/div><\/div><\/div><\/div><\/div><\/div><\/div><\/div><\/div><\/div><\/div><\/div><\/div><\/div><\/div><\/div><\/div><\/div><\/div><\/div><\/div><\/div><\/div><\/div><\/div><\/div><\/div><\/div>\t\t\t\t\t\t<\/div>\n\t\t\t\t<\/div>\n\t\t\t\t<\/div>\n\t\t\t\t\t<\/div>\n\t\t\t\t<\/div>\n\t\t<div class=\"elementor-element elementor-element-33f3c5d e-flex e-con-boxed e-con e-parent\" data-id=\"33f3c5d\" data-element_type=\"container\" data-settings=\"{&quot;content_width&quot;:&quot;boxed&quot;}\" data-core-v316-plus=\"true\">\n\t\t\t\t\t<div class=\"e-con-inner\">\n\t\t<div class=\"elementor-element elementor-element-580bd41 e-con-full e-flex e-con e-child\" data-id=\"580bd41\" data-element_type=\"container\" data-settings=\"{&quot;content_width&quot;:&quot;full&quot;}\">\n\t\t\t\t<div class=\"elementor-element elementor-element-1a68e0e elementor-widget elementor-widget-image\" data-id=\"1a68e0e\" data-element_type=\"widget\" data-widget_type=\"image.default\">\n\t\t\t\t<div class=\"elementor-widget-container\">\n\t\t\t\t\t\t\t\t\t\t\t\t\t<img decoding=\"async\" width=\"330\" height=\"500\" src=\"https:\/\/sindhesul.org.br\/wp-content\/uploads\/2026\/01\/febase-img6-3.png\" class=\"attachment-full size-full wp-image-14743\" alt=\"\" srcset=\"https:\/\/sindhesul.org.br\/wp-content\/uploads\/2026\/01\/febase-img6-3.png 330w, https:\/\/sindhesul.org.br\/wp-content\/uploads\/2026\/01\/febase-img6-3-198x300.png 198w\" sizes=\"(max-width: 330px) 100vw, 330px\" \/>\t\t\t\t\t\t\t\t\t\t\t\t\t<\/div>\n\t\t\t\t<\/div>\n\t\t\t\t<\/div>\n\t\t<div class=\"elementor-element elementor-element-f491e16 e-con-full e-flex e-con e-child\" data-id=\"f491e16\" data-element_type=\"container\" data-settings=\"{&quot;content_width&quot;:&quot;full&quot;}\">\n\t\t\t\t<div class=\"elementor-element elementor-element-42d0c95 elementor-widget elementor-widget-heading\" data-id=\"42d0c95\" data-element_type=\"widget\" data-widget_type=\"heading.default\">\n\t\t\t\t<div class=\"elementor-widget-container\">\n\t\t\t<h2 class=\"elementor-heading-title elementor-size-default\">Planejamento Estrat\u00e9gico para Cl\u00ednicas de Sa\u00fade\n<\/h2>\t\t<\/div>\n\t\t\t\t<\/div>\n\t\t\t\t<div class=\"elementor-element elementor-element-8c6ee07 elementor-widget elementor-widget-text-editor\" data-id=\"8c6ee07\" data-element_type=\"widget\" data-widget_type=\"text-editor.default\">\n\t\t\t\t<div class=\"elementor-widget-container\">\n\t\t\t\t\t\t\t<div class=\"wpb_text_column wpb_content_element\"><div class=\"wpb_wrapper\"><div class=\"wpb_text_column wpb_content_element\"><div class=\"wpb_wrapper\"><div class=\"wpb_text_column wpb_content_element\"><div class=\"wpb_wrapper\"><div class=\"wpb_text_column wpb_content_element\"><div class=\"wpb_wrapper\"><div class=\"wpb_text_column wpb_content_element\"><div class=\"wpb_wrapper\"><div class=\"wpb_text_column wpb_content_element\"><div class=\"wpb_wrapper\"><div class=\"wpb_text_column wpb_content_element\"><div class=\"wpb_wrapper\"><div class=\"wpb_text_column wpb_content_element\"><div class=\"wpb_wrapper\"><div class=\"wpb_text_column wpb_content_element\"><div class=\"wpb_wrapper\"><div class=\"wpb_text_column wpb_content_element\"><div class=\"wpb_wrapper\"><div class=\"wpb_text_column wpb_content_element\"><div class=\"wpb_wrapper\"><div class=\"wpb_text_column wpb_content_element\"><div class=\"wpb_wrapper\"><div class=\"wpb_text_column wpb_content_element\"><div class=\"wpb_wrapper\"><div class=\"wpb_text_column wpb_content_element\"><div class=\"wpb_wrapper\"><h3 class=\"vc_custom_heading\"><strong>Objetivo:<\/strong><\/h3><div class=\"wpb_text_column wpb_content_element\"><div class=\"wpb_wrapper\"><p class=\"elementor-heading-title elementor-size-default\">Capacitar os participantes com as melhores pr\u00e1ticas, instrumentos e indicadores para gest\u00e3o de faturamento, cobran\u00e7a e recebimento.<\/p><p class=\"elementor-heading-title elementor-size-default\"><strong>P\u00fablico Alvo:<br \/><\/strong><\/p><p class=\"elementor-heading-title elementor-size-default\">Gestores de cl\u00ednicas e hospitais. Profissionais de faturamento e contas m\u00e9dicas. Equipes respons\u00e1veis por cobran\u00e7a e recebimento. Consultores e auditores em sa\u00fade<\/p><\/div><\/div><div class=\"wpb_text_column wpb_content_element\"><div class=\"wpb_wrapper\"><p><strong>Link para inscri\u00e7\u00e3o:\u00a0<a href=\"https:\/\/gestaofaturamento.planosconsultoria.com\/\">Clique aqui<\/a><br \/>Data do Curso:<\/strong> 14, 15 e 16 de outubro<br \/><strong>Hor\u00e1rios:\u00a0<\/strong>14h \u00e0s 17h<br \/><strong>Carga hor\u00e1ria:<\/strong> 09 horas<br \/><strong>Instrutor:<br \/><\/strong><strong>Luciano Braz<br \/><\/strong>Administrador de Empresas, MBA em Gest\u00e3o de Sa\u00fade (FGV\/RJ), p\u00f3s-graduado em Controladoria e Finan\u00e7as (FTC\/BA) e mais de 20 anos de experi\u00eancia na gest\u00e3o de cl\u00ednicas e hospitais.<\/p><\/div><\/div><\/div><\/div><\/div><\/div><\/div><\/div><\/div><\/div><\/div><\/div><\/div><\/div><\/div><\/div><\/div><\/div><\/div><\/div><\/div><\/div><\/div><\/div><\/div><\/div><\/div><\/div><\/div><\/div>\t\t\t\t\t\t<\/div>\n\t\t\t\t<\/div>\n\t\t\t\t<\/div>\n\t\t\t\t\t<\/div>\n\t\t\t\t<\/div>\n\t\t\t\t<\/div>\n\t\t","protected":false},"excerpt":{"rendered":"<p>Estrat\u00e9gias Avan\u00e7adas em Sa\u00fade Suplementar: Do Desenho de Pacotes \u00e0 Excel\u00eancia na Negocia\u00e7\u00e3o de Contratos Objetivo: Capacitar profissionais da sa\u00fade suplementar a estruturar pacotes assistenciais e contratos de forma t\u00e9cnica, segura e estrat\u00e9gica, reduzindo glosas, aumentando a clareza contratual e alinhando os setores comercial, faturamento e auditoria. P\u00fablico Alvo: Gestores Comerciais e de Credenciamento; Enfermeiros&#8230;<\/p>\n","protected":false},"author":1,"featured_media":0,"parent":0,"menu_order":0,"comment_status":"closed","ping_status":"closed","template":"","meta":{"footnotes":""},"class_list":["post-14270","page","type-page","status-publish","hentry"],"_links":{"self":[{"href":"https:\/\/sindhesul.org.br\/index.php\/wp-json\/wp\/v2\/pages\/14270"}],"collection":[{"href":"https:\/\/sindhesul.org.br\/index.php\/wp-json\/wp\/v2\/pages"}],"about":[{"href":"https:\/\/sindhesul.org.br\/index.php\/wp-json\/wp\/v2\/types\/page"}],"author":[{"embeddable":true,"href":"https:\/\/sindhesul.org.br\/index.php\/wp-json\/wp\/v2\/users\/1"}],"replies":[{"embeddable":true,"href":"https:\/\/sindhesul.org.br\/index.php\/wp-json\/wp\/v2\/comments?post=14270"}],"version-history":[{"count":109,"href":"https:\/\/sindhesul.org.br\/index.php\/wp-json\/wp\/v2\/pages\/14270\/revisions"}],"predecessor-version":[{"id":14799,"href":"https:\/\/sindhesul.org.br\/index.php\/wp-json\/wp\/v2\/pages\/14270\/revisions\/14799"}],"wp:attachment":[{"href":"https:\/\/sindhesul.org.br\/index.php\/wp-json\/wp\/v2\/media?parent=14270"}],"curies":[{"name":"wp","href":"https:\/\/api.w.org\/{rel}","templated":true}]}}